{"id":5023,"date":"2022-08-11T14:42:07","date_gmt":"2022-08-11T14:42:07","guid":{"rendered":"https:\/\/fnchildclaims.ca\/news\/"},"modified":"2026-03-10T00:10:25","modified_gmt":"2026-03-10T00:10:25","slug":"news","status":"publish","type":"page","link":"https:\/\/fnchildclaims.ca\/fr\/news\/","title":{"rendered":"Nouvelles"},"content":{"rendered":"<p><div class=\"fusion-fullwidth fullwidth-box fusion-builder-row-1 fusion-flex-container has-pattern-background has-mask-background nonhundred-percent-fullwidth non-hundred-percent-height-scrolling\" style=\"--awb-border-radius-top-left:0px;--awb-border-radius-top-right:0px;--awb-border-radius-bottom-right:0px;--awb-border-radius-bottom-left:0px;--awb-padding-top:20px;\" ><div class=\"fusion-builder-row fusion-row fusion-flex-align-items-flex-start\" style=\"max-width:1216.8px;margin-left: calc(-4% \/ 2 );margin-right: calc(-4% \/ 2 );\"><div class=\"fusion-layout-column fusion_builder_column fusion-builder-column-0 fusion_builder_column_1_1 1_1 fusion-flex-column\" style=\"--awb-bg-size:cover;--awb-width-large:100%;--awb-margin-top-large:0px;--awb-spacing-right-large:1.92%;--awb-margin-bottom-large:0px;--awb-spacing-left-large:1.92%;--awb-width-medium:100%;--awb-order-medium:0;--awb-spacing-right-medium:1.92%;--awb-spacing-left-medium:1.92%;--awb-width-small:100%;--awb-order-small:0;--awb-spacing-right-small:1.92%;--awb-spacing-left-small:1.92%;\"><div class=\"fusion-column-wrapper fusion-column-has-shadow fusion-flex-justify-content-flex-start fusion-content-layout-column\"><div class=\"fusion-breadcrumbs awb-yoast-breadcrumbs fusion-breadcrumbs-1\"><span><span><a href=\"https:\/\/fnchildclaims.ca\/fr\/\">Accueil<\/a><\/span><\/span><\/div><\/div><\/div><\/div><\/div><div class=\"fusion-fullwidth fullwidth-box fusion-builder-row-2 fusion-flex-container nonhundred-percent-fullwidth non-hundred-percent-height-scrolling\" style=\"--awb-background-position:left top;--awb-border-sizes-top:0px;--awb-border-sizes-bottom:0px;--awb-border-sizes-left:0px;--awb-border-sizes-right:0px;--awb-border-radius-top-left:0px;--awb-border-radius-top-right:0px;--awb-border-radius-bottom-right:0px;--awb-border-radius-bottom-left:0px;--awb-padding-top:0px;--awb-padding-bottom:20px;\" id=\"our-work\" ><div class=\"fusion-builder-row fusion-row fusion-flex-align-items-stretch\" style=\"max-width:1216.8px;margin-left: calc(-4% \/ 2 );margin-right: calc(-4% \/ 2 );\"><div class=\"fusion-layout-column fusion_builder_column fusion-builder-column-1 fusion_builder_column_1_1 1_1 fusion-flex-column\" style=\"--awb-bg-blend:overlay;--awb-bg-size:cover;--awb-width-large:100%;--awb-margin-top-large:0px;--awb-spacing-right-large:2.56%;--awb-margin-bottom-large:0px;--awb-spacing-left-large:1.92%;--awb-width-medium:100%;--awb-spacing-right-medium:1.92%;--awb-spacing-left-medium:1.92%;--awb-width-small:100%;--awb-spacing-right-small:1.92%;--awb-spacing-left-small:1.92%;\"><div class=\"fusion-column-wrapper fusion-flex-justify-content-center fusion-content-layout-column\"><div class=\"fusion-title title fusion-title-1 fusion-sep-none fusion-title-text fusion-title-size-two\" style=\"--awb-margin-top:10px;--awb-margin-bottom:20px;\"><h2 class=\"title-heading-left fusion-responsive-typography-calculated\" style=\"margin:0;text-transform:none;--fontSize:50;line-height:1.4;\"><\/h2><\/div><div class=\"fusion-text fusion-text-1\" style=\"--awb-font-size:24px;--awb-text-color:var(--awb-color5);--awb-text-font-family:var(--awb-typography3-font-family);--awb-text-font-weight:var(--awb-typography3-font-weight);--awb-text-font-style:var(--awb-typography3-font-style);\"><p>Restez inform\u00e9 des derni\u00e8res nouvelles concernant le r\u00e8glement<\/p>\n<\/div><\/div><\/div><\/div><\/div><div class=\"fusion-fullwidth fullwidth-box fusion-builder-row-3 fusion-flex-container has-pattern-background has-mask-background nonhundred-percent-fullwidth non-hundred-percent-height-scrolling\" style=\"--awb-border-radius-top-left:0px;--awb-border-radius-top-right:0px;--awb-border-radius-bottom-right:0px;--awb-border-radius-bottom-left:0px;--awb-padding-top:40px;\" ><div class=\"fusion-builder-row fusion-row fusion-flex-align-items-flex-start\" style=\"max-width:1216.8px;margin-left: calc(-4% \/ 2 );margin-right: calc(-4% \/ 2 );\"><div class=\"fusion-layout-column fusion_builder_column fusion-builder-column-2 fusion_builder_column_2_5 2_5 fusion-flex-column\" style=\"--awb-padding-top:10px;--awb-padding-right:10px;--awb-padding-bottom:10px;--awb-padding-left:10px;--awb-overflow:hidden;--awb-bg-color:#fbf5cb;--awb-bg-color-hover:#fbf5cb;--awb-bg-size:cover;--awb-border-radius:0px 0px 50px 50px;--awb-width-large:40%;--awb-margin-top-large:0px;--awb-spacing-right-large:4.8%;--awb-margin-bottom-large:0px;--awb-spacing-left-large:4.8%;--awb-width-medium:100%;--awb-order-medium:0;--awb-spacing-right-medium:1.92%;--awb-spacing-left-medium:1.92%;--awb-width-small:100%;--awb-order-small:0;--awb-margin-top-small:0px;--awb-spacing-right-small:1.92%;--awb-spacing-left-small:1.92%;\" data-motion-effects=\"[{&quot;type&quot;:&quot;&quot;,&quot;scroll_type&quot;:&quot;transition&quot;,&quot;scroll_direction&quot;:&quot;up&quot;,&quot;transition_speed&quot;:&quot;1&quot;,&quot;fade_type&quot;:&quot;in&quot;,&quot;scale_type&quot;:&quot;up&quot;,&quot;initial_scale&quot;:&quot;1&quot;,&quot;max_scale&quot;:&quot;1.5&quot;,&quot;min_scale&quot;:&quot;0.5&quot;,&quot;initial_rotate&quot;:&quot;0&quot;,&quot;end_rotate&quot;:&quot;30&quot;,&quot;initial_blur&quot;:&quot;0&quot;,&quot;end_blur&quot;:&quot;3&quot;,&quot;start_element&quot;:&quot;top&quot;,&quot;start_viewport&quot;:&quot;bottom&quot;,&quot;end_element&quot;:&quot;bottom&quot;,&quot;end_viewport&quot;:&quot;top&quot;,&quot;mouse_effect&quot;:&quot;track&quot;,&quot;mouse_effect_direction&quot;:&quot;opposite&quot;,&quot;mouse_effect_speed&quot;:&quot;2&quot;,&quot;infinite_animation&quot;:&quot;float&quot;,&quot;infinite_animation_speed&quot;:&quot;2&quot;}]\" data-scroll-devices=\"small-visibility,medium-visibility,large-visibility\"><div class=\"fusion-column-wrapper fusion-column-has-shadow fusion-flex-justify-content-flex-start fusion-content-layout-column\"><div class=\"fusion-text fusion-text-2 imp-badge\" style=\"--awb-text-transform:uppercase;--awb-text-color:var(--awb-color1);\"><p><span class=\"imp-badge-text\"> Important<\/span><\/p>\n<\/div><div class=\"fusion-blog-shortcode fusion-blog-shortcode-1 fusion-blog-archive fusion-blog-layout-large fusion-blog-no newsfeed-section-1\" style=\"--awb-title-font-size:20px;--awb-title-line-height:24px;\"><div class=\"fusion-posts-container fusion-posts-container-no\" data-pages=\"1\"><article id=\"blog-1-post-24122\" class=\"fusion-post-large post-24122 post type-post status-publish format-standard has-post-thumbnail hentry category-importante category-importante-fr category-mise-a-jour tag-important-fr\">\n\t<style type=\"text\/css\">\n\t\t\n\t\t\n\t\t\n\t\t\n\t\t\t<\/style>\n\n\n\t\t\t<div class=\"fusion-flexslider flexslider fusion-flexslider-loading fusion-post-slideshow\" style=\"\">\n\t\t<ul class=\"slides\">\n\t\t\t\n\t\t\t\t\t\t\t\t\t\t\t\t\t\t<li><div  class=\"fusion-image-wrapper\" aria-haspopup=\"true\">\n\t\t\t\t\t\t\t<a href=\"https:\/\/fnchildclaims.ca\/fr\/un-an-a-accompagner-les-reclamants\/\" aria-label=\"Un an \u00e0 accompagner les r\u00e9clamants\">\n\t\t\t\t\t\t\t<img decoding=\"async\" width=\"800\" height=\"530\" src=\"https:\/\/fnchildclaims.ca\/wp-content\/uploads\/2026\/03\/FNCFS-one-year-walking-alongside-claimants.jpg\" class=\"attachment-full size-full wp-post-image\" alt=\"\" srcset=\"https:\/\/fnchildclaims.ca\/wp-content\/uploads\/2026\/03\/FNCFS-one-year-walking-alongside-claimants-200x133.jpg 200w, https:\/\/fnchildclaims.ca\/wp-content\/uploads\/2026\/03\/FNCFS-one-year-walking-alongside-claimants-400x265.jpg 400w, https:\/\/fnchildclaims.ca\/wp-content\/uploads\/2026\/03\/FNCFS-one-year-walking-alongside-claimants-600x398.jpg 600w, https:\/\/fnchildclaims.ca\/wp-content\/uploads\/2026\/03\/FNCFS-one-year-walking-alongside-claimants.jpg 800w\" sizes=\"(max-width: 1024px) 100vw, (max-width: 640px) 100vw, 600px\" \/>\t\t\t<\/a>\n\t\t\t\t\t\t\t<\/div>\n<\/li>\n\t\t\t\n\t\t\t\n\t\t\t\t\t\t\t\t\t\t\t\t\t\t\t\t\t\t\t\t\t\t\t\t\t\t\t\t\t\t\t\t\t\t\t\t\t\t\t\t\t\t\t\t\t\t\t\t\t\t\t\t\t\t\t\t\t\t\t\t\t\t\t\t\t\t\t\t<\/ul>\n\t<\/div>\n\t<div class=\"fusion-post-content post-content\"><h2 class=\"blog-shortcode-post-title entry-title\"><a href=\"https:\/\/fnchildclaims.ca\/fr\/un-an-a-accompagner-les-reclamants\/\">Un an \u00e0 accompagner les r\u00e9clamants<\/a><\/h2><div class=\"fusion-post-content-container\"><p>Un an apr\u00e8s l\u2019ouverture de la p\u00e9riode de r\u00e9clamation, d\u00e9couvrez comment les assistants aux r\u00e9clamations soutiennent les membres du groupe.<\/p><\/div><\/div><div class=\"fusion-clearfix\"><\/div><div class=\"fusion-meta-info\"><div class=\"fusion-alignleft\"><span class=\"vcard\" style=\"display: none;\"><span class=\"fn\"><a href=\"https:\/\/fnchildclaims.ca\/fr\/author\/philc\/\" title=\"Articles par PhilC\" rel=\"author\">PhilC<\/a><\/span><\/span><span class=\"updated\" style=\"display:none;\">2026-03-19T15:29:15+00:00<\/span><span>9 mars 2026<\/span><span class=\"fusion-inline-sep\">|<\/span>Cat\u00e9gories : <a href=\"https:\/\/fnchildclaims.ca\/fr\/category\/importante\/\" rel=\"category tag\">Importante<\/a>, <a href=\"https:\/\/fnchildclaims.ca\/fr\/category\/importante-fr\/\" rel=\"category tag\">Importante<\/a>, <a href=\"https:\/\/fnchildclaims.ca\/fr\/category\/mise-a-jour\/\" rel=\"category tag\">Mise \u00e0 jour<\/a><span class=\"fusion-inline-sep\">|<\/span><span class=\"meta-tags\">\u00c9tiquettes\u00a0: <a href=\"https:\/\/fnchildclaims.ca\/fr\/tag\/important-fr\/\" rel=\"tag\">Important<\/a><\/span><span class=\"fusion-inline-sep\">|<\/span><\/div><\/div><\/article>\n<\/div><\/div><\/div><\/div><div class=\"fusion-layout-column fusion_builder_column fusion-builder-column-3 fusion_builder_column_3_5 3_5 fusion-flex-column\" style=\"--awb-padding-top:20px;--awb-padding-bottom:20px;--awb-bg-size:cover;--awb-width-large:60%;--awb-margin-top-large:0px;--awb-spacing-right-large:3.2%;--awb-margin-bottom-large:0px;--awb-spacing-left-large:3.2%;--awb-width-medium:100%;--awb-order-medium:0;--awb-spacing-right-medium:1.92%;--awb-spacing-left-medium:1.92%;--awb-width-small:100%;--awb-order-small:0;--awb-spacing-right-small:1.92%;--awb-spacing-left-small:1.92%;\" data-motion-effects=\"[{&quot;type&quot;:&quot;&quot;,&quot;scroll_type&quot;:&quot;transition&quot;,&quot;scroll_direction&quot;:&quot;up&quot;,&quot;transition_speed&quot;:&quot;1&quot;,&quot;fade_type&quot;:&quot;in&quot;,&quot;scale_type&quot;:&quot;up&quot;,&quot;initial_scale&quot;:&quot;1&quot;,&quot;max_scale&quot;:&quot;1.5&quot;,&quot;min_scale&quot;:&quot;0.5&quot;,&quot;initial_rotate&quot;:&quot;0&quot;,&quot;end_rotate&quot;:&quot;30&quot;,&quot;initial_blur&quot;:&quot;0&quot;,&quot;end_blur&quot;:&quot;3&quot;,&quot;start_element&quot;:&quot;top&quot;,&quot;start_viewport&quot;:&quot;bottom&quot;,&quot;end_element&quot;:&quot;bottom&quot;,&quot;end_viewport&quot;:&quot;top&quot;,&quot;mouse_effect&quot;:&quot;track&quot;,&quot;mouse_effect_direction&quot;:&quot;opposite&quot;,&quot;mouse_effect_speed&quot;:&quot;2&quot;,&quot;infinite_animation&quot;:&quot;float&quot;,&quot;infinite_animation_speed&quot;:&quot;2&quot;}]\" data-scroll-devices=\"small-visibility,medium-visibility,large-visibility\"><div class=\"fusion-column-wrapper fusion-column-has-shadow fusion-flex-justify-content-flex-start fusion-content-layout-column\"><div class=\"fusion-blog-shortcode fusion-blog-shortcode-2 fusion-blog-archive fusion-blog-layout-medium-alternate fusion-blog-no fusion-blog-no-images newsfeed-section-2\" style=\"--awb-title-font-size:20px;--awb-title-line-height:26px;\"><div class=\"fusion-posts-container fusion-posts-container-no\" data-pages=\"3\"><article id=\"blog-2-post-23975\" class=\"fusion-post-medium-alternate post-23975 post type-post status-publish format-standard hentry category-mise-a-jour\">\n<div class=\"fusion-date-and-formats\"><div class=\"fusion-date-box updated\"><span class=\"fusion-date\">Mar<\/span><span class=\"fusion-month-year\"> 25, 2026<\/span><\/div><div class=\"fusion-format-box\"><i class=\"awb-icon-pen\" aria-hidden=\"true\"><\/i><\/div><\/div><div class=\"fusion-post-content post-content\"><h3 class=\"blog-shortcode-post-title entry-title\"><a href=\"https:\/\/fnchildclaims.ca\/fr\/processus-de-reclamation-pour-les-membres-du-groupe-incarceres-et-audience-dapprobation-du-plan-de-communication\/\">Processus de r\u00e9clamation pour les membres du groupe incarc\u00e9r\u00e9s et audience d\u2019approbation du plan de communication<\/a><\/h3><p class=\"fusion-single-line-meta\"><span class=\"vcard\" style=\"display: none;\"><span class=\"fn\"><a href=\"https:\/\/fnchildclaims.ca\/fr\/author\/philc\/\" title=\"Articles par PhilC\" rel=\"author\">PhilC<\/a><\/span><\/span><span class=\"updated\" style=\"display:none;\">2026-03-25T23:20:10+00:00<\/span>Cat\u00e9gories : <a href=\"https:\/\/fnchildclaims.ca\/fr\/category\/mise-a-jour\/\" rel=\"category tag\">Mise \u00e0 jour<\/a><span class=\"fusion-inline-sep\">|<\/span><\/p><div class=\"fusion-post-content-container\"><p>Audience du processus de r\u00e9clamation propos\u00e9 pour les membres du groupe incarc\u00e9r\u00e9s et du plan de communication devant la Cour f\u00e9d\u00e9rale le 31 mars 2026<\/p><\/div><\/div><div class=\"fusion-clearfix\"><\/div><\/article>\n<article id=\"blog-2-post-24229\" class=\"fusion-post-medium-alternate post-24229 post type-post status-publish format-standard hentry category-mise-a-jour\">\n<div class=\"fusion-date-and-formats\"><div class=\"fusion-date-box updated\"><span class=\"fusion-date\">Mar<\/span><span class=\"fusion-month-year\"> 16, 2026<\/span><\/div><div class=\"fusion-format-box\"><i class=\"awb-icon-pen\" aria-hidden=\"true\"><\/i><\/div><\/div><div class=\"fusion-post-content post-content\"><h3 class=\"blog-shortcode-post-title entry-title\"><a href=\"https:\/\/fnchildclaims.ca\/fr\/cest-la-saison-des-impots-voici-ce-que-vous-devez-savoir\/\">C\u2019est la saison des imp\u00f4ts. Voici ce que vous devez savoir.<\/a><\/h3><p class=\"fusion-single-line-meta\"><span class=\"vcard\" style=\"display: none;\"><span class=\"fn\"><a href=\"https:\/\/fnchildclaims.ca\/fr\/author\/philc\/\" title=\"Articles par PhilC\" rel=\"author\">PhilC<\/a><\/span><\/span><span class=\"updated\" style=\"display:none;\">2026-03-18T17:09:42+00:00<\/span>Cat\u00e9gories : <a href=\"https:\/\/fnchildclaims.ca\/fr\/category\/mise-a-jour\/\" rel=\"category tag\">Mise \u00e0 jour<\/a><span class=\"fusion-inline-sep\">|<\/span><\/p><div class=\"fusion-post-content-container\"><p>C\u2019est la saison des imp\u00f4ts. Voici ce que vous devez savoir. <\/p><\/div><\/div><div class=\"fusion-clearfix\"><\/div><\/article>\n<article id=\"blog-2-post-23880\" class=\"fusion-post-medium-alternate post-23880 post type-post status-publish format-standard has-post-thumbnail hentry category-mise-a-jour\">\n<div class=\"fusion-date-and-formats\"><div class=\"fusion-date-box updated\"><span class=\"fusion-date\">Jan<\/span><span class=\"fusion-month-year\"> 29, 2026<\/span><\/div><div class=\"fusion-format-box\"><i class=\"awb-icon-pen\" aria-hidden=\"true\"><\/i><\/div><\/div><div class=\"fusion-post-content post-content\"><h3 class=\"blog-shortcode-post-title entry-title\"><a href=\"https:\/\/fnchildclaims.ca\/fr\/principe-de-jordan-le-reglement-par-rapport-aux-demandes-de-services-et-de-soutiens-en-quoi-sont-ils-differents\/\">Principe de Jordan\u202f: le r\u00e8glement par rapport aux demandes de services et de soutiens \u2013 en quoi sont-ils diff\u00e9rents?<\/a><\/h3><p class=\"fusion-single-line-meta\"><span class=\"vcard\" style=\"display: none;\"><span class=\"fn\"><a href=\"https:\/\/fnchildclaims.ca\/fr\/author\/bbatigneargylepr-com\/\" title=\"Articles par bbatigne@argylepr.com\" rel=\"author\">bbatigne@argylepr.com<\/a><\/span><\/span><span class=\"updated\" style=\"display:none;\">2026-03-10T00:10:06+00:00<\/span>Cat\u00e9gories : <a href=\"https:\/\/fnchildclaims.ca\/fr\/category\/mise-a-jour\/\" rel=\"category tag\">Mise \u00e0 jour<\/a><span class=\"fusion-inline-sep\">|<\/span><\/p><div class=\"fusion-post-content-container\"><p>Le r\u00e8glement relatif aux services \u00e0 l\u2019enfance et \u00e0 la famille des Premi\u00e8res Nations et au principe de Jordan et les demandes de services et de soutiens en vertu du principe de Jordan visent diff\u00e9rents objectifs. <\/p><\/div><\/div><div class=\"fusion-clearfix\"><\/div><\/article>\n<article id=\"blog-2-post-22959\" class=\"fusion-post-medium-alternate post-22959 post type-post status-publish format-standard has-post-thumbnail hentry category-mise-a-jour\">\n<div class=\"fusion-date-and-formats\"><div class=\"fusion-date-box updated\"><span class=\"fusion-date\">Sep<\/span><span class=\"fusion-month-year\"> 26, 2025<\/span><\/div><div class=\"fusion-format-box\"><i class=\"awb-icon-pen\" aria-hidden=\"true\"><\/i><\/div><\/div><div class=\"fusion-post-content post-content\"><h3 class=\"blog-shortcode-post-title entry-title\"><a href=\"https:\/\/fnchildclaims.ca\/fr\/a-quoi-sattendre-apres-avoir-recu-une-lettre-de-decision-relative-a-ladmissibilite\/\">\u00c0 quoi s\u2019attendre apr\u00e8s avoir re\u00e7u une lettre de d\u00e9cision relative \u00e0 l\u2019admissibilit\u00e9<\/a><\/h3><p class=\"fusion-single-line-meta\"><span class=\"vcard\" style=\"display: none;\"><span class=\"fn\"><a href=\"https:\/\/fnchildclaims.ca\/fr\/author\/bbatigneargylepr-com\/\" title=\"Articles par bbatigne@argylepr.com\" rel=\"author\">bbatigne@argylepr.com<\/a><\/span><\/span><span class=\"updated\" style=\"display:none;\">2025-09-26T21:25:09+00:00<\/span>Cat\u00e9gories : <a href=\"https:\/\/fnchildclaims.ca\/fr\/category\/mise-a-jour\/\" rel=\"category tag\">Mise \u00e0 jour<\/a><span class=\"fusion-inline-sep\">|<\/span><\/p><div class=\"fusion-post-content-container\"><p>La p\u00e9riode de r\u00e9clamation pour les groupes des enfants retir\u00e9s de leur foyer et des familles des enfants retir\u00e9s de leur foyer s\u2019est ouverte il y a six mois. Jusqu\u2019\u00e0 pr\u00e9sent, pr\u00e8s de\u202f50\u202f000\u202fr\u00e9clamations\u202font \u00e9t\u00e9 re\u00e7ues, et on proc\u00e8de actuellement \u00e0 l\u2019envoi des lettres de d\u00e9cision relative \u00e0 l\u2019admissibilit\u00e9 aux r\u00e9clamants du groupe des enfants retir\u00e9s de leur foyer. <\/p><\/div><\/div><div class=\"fusion-clearfix\"><\/div><\/article>\n<article id=\"blog-2-post-22941\" class=\"fusion-post-medium-alternate post-22941 post type-post status-publish format-standard has-post-thumbnail hentry category-mise-a-jour tag-important-fr\">\n<div class=\"fusion-date-and-formats\"><div class=\"fusion-date-box updated\"><span class=\"fusion-date\">Sep<\/span><span class=\"fusion-month-year\"> 26, 2025<\/span><\/div><div class=\"fusion-format-box\"><i class=\"awb-icon-pen\" aria-hidden=\"true\"><\/i><\/div><\/div><div class=\"fusion-post-content post-content\"><h3 class=\"blog-shortcode-post-title entry-title\"><a href=\"https:\/\/fnchildclaims.ca\/fr\/avis-important-perturbation-du-service-postal\/\">Avis important\u202f: perturbation du service postal<\/a><\/h3><p class=\"fusion-single-line-meta\"><span class=\"vcard\" style=\"display: none;\"><span class=\"fn\"><a href=\"https:\/\/fnchildclaims.ca\/fr\/author\/bbatigneargylepr-com\/\" title=\"Articles par bbatigne@argylepr.com\" rel=\"author\">bbatigne@argylepr.com<\/a><\/span><\/span><span class=\"updated\" style=\"display:none;\">2026-01-29T20:28:50+00:00<\/span>Cat\u00e9gories : <a href=\"https:\/\/fnchildclaims.ca\/fr\/category\/mise-a-jour\/\" rel=\"category tag\">Mise \u00e0 jour<\/a><span class=\"fusion-inline-sep\">|<\/span><span class=\"meta-tags\">\u00c9tiquettes\u00a0: <a href=\"https:\/\/fnchildclaims.ca\/fr\/tag\/important-fr\/\" rel=\"tag\">Important<\/a><\/span><span class=\"fusion-inline-sep\">|<\/span><\/p><div class=\"fusion-post-content-container\"><p>La gr\u00e8ve postale pourrait retarder les lettres ou ch\u00e8ques. Voyez comment soumettre une demande en ligne, par courriel ou t\u00e9l\u00e9copieur. <\/p><\/div><\/div><div class=\"fusion-clearfix\"><\/div><\/article>\n<article id=\"blog-2-post-22285\" class=\"fusion-post-medium-alternate post-22285 post type-post status-publish format-standard hentry category-mise-a-jour\">\n<div class=\"fusion-date-and-formats\"><div class=\"fusion-date-box updated\"><span class=\"fusion-date\">Juil<\/span><span class=\"fusion-month-year\"> 21, 2025<\/span><\/div><div class=\"fusion-format-box\"><i class=\"awb-icon-pen\" aria-hidden=\"true\"><\/i><\/div><\/div><div class=\"fusion-post-content post-content\"><h3 class=\"blog-shortcode-post-title entry-title\"><a href=\"https:\/\/fnchildclaims.ca\/fr\/enquete-nationale-resultats\/\">Ce que nous avons entendu : Enqu\u00eate nationale sur le r\u00e8glement<\/a><\/h3><p class=\"fusion-single-line-meta\"><span class=\"vcard\" style=\"display: none;\"><span class=\"fn\"><a href=\"https:\/\/fnchildclaims.ca\/fr\/author\/bbatigneargylepr-com\/\" title=\"Articles par bbatigne@argylepr.com\" rel=\"author\">bbatigne@argylepr.com<\/a><\/span><\/span><span class=\"updated\" style=\"display:none;\">2025-08-12T12:58:21+00:00<\/span>Cat\u00e9gories : <a href=\"https:\/\/fnchildclaims.ca\/fr\/category\/mise-a-jour\/\" rel=\"category tag\">Mise \u00e0 jour<\/a><span class=\"fusion-inline-sep\">|<\/span><\/p><div class=\"fusion-post-content-container\"><p>De juillet \u00e0 septembre 2024, l\u2019administrateur a recueilli les commentaires des membres des groupes potentiels au moyen d\u2019une enqu\u00eate nationale afin de savoir s\u2019ils connaissaient et comprenaient le r\u00e8glement relatif aux services \u00e0 l\u2019enfance et \u00e0 la famille des Premi\u00e8res Nations et au principe de Jordan, et de conna\u00eetre les obstacles possibles \u00e0 la participation, le soutien dont ils auraient besoin et leurs pr\u00e9f\u00e9rences en mati\u00e8re de communication.<\/p><\/div><\/div><div class=\"fusion-clearfix\"><\/div><\/article>\n<article id=\"blog-2-post-22224\" class=\"fusion-post-medium-alternate post-22224 post type-post status-publish format-standard has-post-thumbnail hentry category-mise-a-jour\">\n<div class=\"fusion-date-and-formats\"><div class=\"fusion-date-box updated\"><span class=\"fusion-date\">Juil<\/span><span class=\"fusion-month-year\"> 16, 2025<\/span><\/div><div class=\"fusion-format-box\"><i class=\"awb-icon-pen\" aria-hidden=\"true\"><\/i><\/div><\/div><div class=\"fusion-post-content post-content\"><h3 class=\"blog-shortcode-post-title entry-title\"><a href=\"https:\/\/fnchildclaims.ca\/fr\/retards-courrier-feux-de-foret\/\">Avis important\u202f: retards de livraison du courrier dans les communaut\u00e9s touch\u00e9es par les feux de for\u00eat\u202f<\/a><\/h3><p class=\"fusion-single-line-meta\"><span class=\"vcard\" style=\"display: none;\"><span class=\"fn\"><a href=\"https:\/\/fnchildclaims.ca\/fr\/author\/bbatigneargylepr-com\/\" title=\"Articles par bbatigne@argylepr.com\" rel=\"author\">bbatigne@argylepr.com<\/a><\/span><\/span><span class=\"updated\" style=\"display:none;\">2025-10-29T14:36:14+00:00<\/span>Cat\u00e9gories : <a href=\"https:\/\/fnchildclaims.ca\/fr\/category\/mise-a-jour\/\" rel=\"category tag\">Mise \u00e0 jour<\/a><span class=\"fusion-inline-sep\">|<\/span><\/p><div class=\"fusion-post-content-container\"><p>Nous surveillons de pr\u00e8s la situation des feux de for\u00eat partout au pays et sommes conscients des graves cons\u00e9quences que ces feux ont sur de nombreuses Premi\u00e8res Nations. Dans certaines communaut\u00e9s, les feux ont n\u00e9cessit\u00e9 des mesures d\u2019urgence, notamment des ordres d\u2019\u00e9vacuation, et ont des cons\u00e9quences sur la livraison du courrier par Postes Canada.<\/p><\/div><\/div><div class=\"fusion-clearfix\"><\/div><\/article>\n<article id=\"blog-2-post-21509\" class=\"fusion-post-medium-alternate post-21509 post type-post status-publish format-standard has-post-thumbnail hentry category-mise-a-jour\">\n<div class=\"fusion-date-and-formats\"><div class=\"fusion-date-box updated\"><span class=\"fusion-date\">Mai<\/span><span class=\"fusion-month-year\"> 23, 2025<\/span><\/div><div class=\"fusion-format-box\"><i class=\"awb-icon-pen\" aria-hidden=\"true\"><\/i><\/div><\/div><div class=\"fusion-post-content post-content\"><h3 class=\"blog-shortcode-post-title entry-title\"><a href=\"https:\/\/fnchildclaims.ca\/fr\/avis-important-interruption-potentielle-du-service-postal\/\">Avis important : Interruption potentielle du service postal<\/a><\/h3><p class=\"fusion-single-line-meta\"><span class=\"vcard\" style=\"display: none;\"><span class=\"fn\"><a href=\"https:\/\/fnchildclaims.ca\/fr\/author\/bbatigneargylepr-com\/\" title=\"Articles par bbatigne@argylepr.com\" rel=\"author\">bbatigne@argylepr.com<\/a><\/span><\/span><span class=\"updated\" style=\"display:none;\">2025-07-21T22:38:35+00:00<\/span>Cat\u00e9gories : <a href=\"https:\/\/fnchildclaims.ca\/fr\/category\/mise-a-jour\/\" rel=\"category tag\">Mise \u00e0 jour<\/a><span class=\"fusion-inline-sep\">|<\/span><\/p><div class=\"fusion-post-content-container\"><p>Le Syndicat des travailleurs et travailleuses des postes a lanc\u00e9 une interdiction nationale des heures suppl\u00e9mentaires pour les employ\u00e9s syndiqu\u00e9s, ce qui pourrait entra\u00eener des retards dans la livraison du courrier par Postes Canada.<\/p><\/div><\/div><div class=\"fusion-clearfix\"><\/div><\/article>\n<article id=\"blog-2-post-17190\" class=\"fusion-post-medium-alternate post-17190 post type-post status-publish format-standard has-post-thumbnail hentry category-communique-de-presse-fr category-mise-a-jour\">\n<div class=\"fusion-date-and-formats\"><div class=\"fusion-date-box updated\"><span class=\"fusion-date\">Mar<\/span><span class=\"fusion-month-year\"> 10, 2025<\/span><\/div><div class=\"fusion-format-box\"><i class=\"awb-icon-pen\" aria-hidden=\"true\"><\/i><\/div><\/div><div class=\"fusion-post-content post-content\"><h3 class=\"blog-shortcode-post-title entry-title\"><a href=\"https:\/\/fnchildclaims.ca\/fr\/erf-ferf-periode-reclamation-ouverte\/\">La premi\u00e8re p\u00e9riode de r\u00e9clamation pour le r\u00e8glement relatif aux services \u00e0 l\u2019enfance et \u00e0 la famille des Premi\u00e8res Nations et au principe de Jordan est maintenant ouverte<\/a><\/h3><p class=\"fusion-single-line-meta\"><span class=\"vcard\" style=\"display: none;\"><span class=\"fn\"><a href=\"https:\/\/fnchildclaims.ca\/fr\/author\/bbatigneargylepr-com\/\" title=\"Articles par bbatigne@argylepr.com\" rel=\"author\">bbatigne@argylepr.com<\/a><\/span><\/span><span class=\"updated\" style=\"display:none;\">2025-09-10T18:23:08+00:00<\/span>Cat\u00e9gories : <a href=\"https:\/\/fnchildclaims.ca\/fr\/category\/communique-de-presse-fr\/\" rel=\"category tag\">Communiqu\u00e9 de presse<\/a>, <a href=\"https:\/\/fnchildclaims.ca\/fr\/category\/mise-a-jour\/\" rel=\"category tag\">Mise \u00e0 jour<\/a><span class=\"fusion-inline-sep\">|<\/span><\/p><div class=\"fusion-post-content-container\"><p>D\u00e8s aujourd\u2019hui, certains membres des groupes du r\u00e8glement relatif aux services \u00e0 l\u2019enfance et \u00e0 la famille des Premi\u00e8res Nations et au principe de Jordan peuvent soumettre une r\u00e9clamation en vue d\u2019obtenir une indemnisation.<\/p><\/div><\/div><div class=\"fusion-clearfix\"><\/div><\/article>\n<article id=\"blog-2-post-13697\" class=\"fusion-post-medium-alternate post-13697 post type-post status-publish format-standard has-post-thumbnail hentry category-communique-de-presse-fr category-mise-a-jour\">\n<div class=\"fusion-date-and-formats\"><div class=\"fusion-date-box updated\"><span class=\"fusion-date\">D\u00e9c<\/span><span class=\"fusion-month-year\"> 13, 2024<\/span><\/div><div class=\"fusion-format-box\"><i class=\"awb-icon-pen\" aria-hidden=\"true\"><\/i><\/div><\/div><div class=\"fusion-post-content post-content\"><h3 class=\"blog-shortcode-post-title entry-title\"><a href=\"https:\/\/fnchildclaims.ca\/fr\/la-premiere-periode-de-reclamation-pour-le-reglement-relatif-aux-services-a-lenfance-et-a-la-famille-des-premieres-nations-et-au-principe-de-jordan-debutera-le-10-mars-2025\/\">La premi\u00e8re p\u00e9riode de r\u00e9clamation pour le r\u00e8glement relatif aux services \u00e0 l\u2019enfance et \u00e0 la famille des Premi\u00e8res Nations et au principe de Jordan d\u00e9butera le 10 mars 2025<\/a><\/h3><p class=\"fusion-single-line-meta\"><span class=\"vcard\" style=\"display: none;\"><span class=\"fn\"><a href=\"https:\/\/fnchildclaims.ca\/fr\/author\/shivani\/\" title=\"Articles par Shivani Bhatt\" rel=\"author\">Shivani Bhatt<\/a><\/span><\/span><span class=\"updated\" style=\"display:none;\">2025-03-10T12:01:49+00:00<\/span>Cat\u00e9gories : <a href=\"https:\/\/fnchildclaims.ca\/fr\/category\/communique-de-presse-fr\/\" rel=\"category tag\">Communiqu\u00e9 de presse<\/a>, <a href=\"https:\/\/fnchildclaims.ca\/fr\/category\/mise-a-jour\/\" rel=\"category tag\">Mise \u00e0 jour<\/a><span class=\"fusion-inline-sep\">|<\/span><\/p><div class=\"fusion-post-content-container\"><p>La premi\u00e8re p\u00e9riode de r\u00e9clamation pour le r\u00e8glement relatif aux services \u00e0 l\u2019enfance et \u00e0 la famille des Premi\u00e8res Nations et au principe de Jordan d\u00e9butera le 10 mars 2025<\/p><\/div><\/div><div class=\"fusion-clearfix\"><\/div><\/article>\n<\/div><\/div><\/div><\/div><\/div><\/div><\/p>\n","protected":false},"excerpt":{"rendered":"","protected":false},"author":4,"featured_media":0,"parent":0,"menu_order":0,"comment_status":"closed","ping_status":"closed","template":"100-width.php","meta":{"_acf_changed":false,"inline_featured_image":false,"footnotes":"","_links_to":"","_links_to_target":""},"wf_page_folders":[79],"class_list":["post-5023","page","type-page","status-publish","hentry"],"acf":[],"yoast_head":"<!-- This site is optimized with the Yoast SEO plugin v27.2 - https:\/\/yoast.com\/product\/yoast-seo-wordpress\/ -->\n<title>Nouvelles | First Nations Child and Family Services and Jordan\u2019s Principle Settlement<\/title>\n<meta name=\"description\" content=\"Obtenez les derni\u00e8res informations et actualit\u00e9s sur le r\u00e8glement.\" \/>\n<meta name=\"robots\" content=\"index, follow, max-snippet:-1, max-image-preview:large, max-video-preview:-1\" \/>\n<link rel=\"canonical\" href=\"https:\/\/fnchildclaims.ca\/fr\/news\/\" \/>\n<meta property=\"og:locale\" content=\"fr_FR\" \/>\n<meta property=\"og:type\" content=\"article\" \/>\n<meta property=\"og:title\" content=\"Fil de nouvelles\" \/>\n<meta property=\"og:description\" content=\"Obtenez les derni\u00e8res informations et actualit\u00e9s sur le r\u00e8glement.\" \/>\n<meta property=\"og:url\" content=\"https:\/\/fnchildclaims.ca\/fr\/news\/\" \/>\n<meta property=\"og:site_name\" content=\"First Nations Child and Family Services and Jordan\u2019s Principle Settlement\" \/>\n<meta property=\"article:modified_time\" content=\"2026-03-10T00:10:25+00:00\" \/>\n<meta property=\"og:image\" content=\"https:\/\/fnchildclaims.ca\/wp-content\/uploads\/2023\/10\/hand-hold.png\" \/>\n\t<meta property=\"og:image:width\" content=\"559\" \/>\n\t<meta property=\"og:image:height\" content=\"591\" \/>\n\t<meta property=\"og:image:type\" content=\"image\/png\" \/>\n<meta name=\"twitter:card\" content=\"summary_large_image\" \/>\n<meta name=\"twitter:label1\" content=\"Dur\u00e9e de lecture estim\u00e9e\" \/>\n\t<meta name=\"twitter:data1\" content=\"3 minutes\" \/>\n<script type=\"application\/ld+json\" class=\"yoast-schema-graph\">{\"@context\":\"https:\/\/schema.org\",\"@graph\":[{\"@type\":\"WebPage\",\"@id\":\"https:\/\/fnchildclaims.ca\/fr\/news\/\",\"url\":\"https:\/\/fnchildclaims.ca\/fr\/news\/\",\"name\":\"Nouvelles | First Nations Child and Family Services and Jordan\u2019s Principle Settlement\",\"isPartOf\":{\"@id\":\"https:\/\/fnchildclaims.ca\/#website\"},\"datePublished\":\"2022-08-11T14:42:07+00:00\",\"dateModified\":\"2026-03-10T00:10:25+00:00\",\"description\":\"Obtenez les derni\u00e8res informations et actualit\u00e9s sur le r\u00e8glement.\",\"breadcrumb\":{\"@id\":\"https:\/\/fnchildclaims.ca\/fr\/news\/#breadcrumb\"},\"inLanguage\":\"fr-FR\",\"potentialAction\":[{\"@type\":\"ReadAction\",\"target\":[\"https:\/\/fnchildclaims.ca\/fr\/news\/\"]}]},{\"@type\":\"BreadcrumbList\",\"@id\":\"https:\/\/fnchildclaims.ca\/fr\/news\/#breadcrumb\",\"itemListElement\":[{\"@type\":\"ListItem\",\"position\":1,\"name\":\"Accueil\",\"item\":\"https:\/\/fnchildclaims.ca\/fr\/\"},{\"@type\":\"ListItem\",\"position\":2,\"name\":\"Nouvelles\"}]},{\"@type\":\"WebSite\",\"@id\":\"https:\/\/fnchildclaims.ca\/#website\",\"url\":\"https:\/\/fnchildclaims.ca\/\",\"name\":\"First Nations Child and Family Services and Jordan\u2019s Principle Settlement\",\"description\":\"\",\"potentialAction\":[{\"@type\":\"SearchAction\",\"target\":{\"@type\":\"EntryPoint\",\"urlTemplate\":\"https:\/\/fnchildclaims.ca\/?s={search_term_string}\"},\"query-input\":{\"@type\":\"PropertyValueSpecification\",\"valueRequired\":true,\"valueName\":\"search_term_string\"}}],\"inLanguage\":\"fr-FR\"}]}<\/script>\n<!-- \/ Yoast SEO plugin. -->","yoast_head_json":{"title":"Nouvelles | First Nations Child and Family Services and Jordan\u2019s Principle Settlement","description":"Obtenez les derni\u00e8res informations et actualit\u00e9s sur le r\u00e8glement.","robots":{"index":"index","follow":"follow","max-snippet":"max-snippet:-1","max-image-preview":"max-image-preview:large","max-video-preview":"max-video-preview:-1"},"canonical":"https:\/\/fnchildclaims.ca\/fr\/news\/","og_locale":"fr_FR","og_type":"article","og_title":"Fil de nouvelles","og_description":"Obtenez les derni\u00e8res informations et actualit\u00e9s sur le r\u00e8glement.","og_url":"https:\/\/fnchildclaims.ca\/fr\/news\/","og_site_name":"First Nations Child and Family Services and Jordan\u2019s Principle Settlement","article_modified_time":"2026-03-10T00:10:25+00:00","og_image":[{"width":559,"height":591,"url":"https:\/\/fnchildclaims.ca\/wp-content\/uploads\/2023\/10\/hand-hold.png","type":"image\/png"}],"twitter_card":"summary_large_image","twitter_misc":{"Dur\u00e9e de lecture estim\u00e9e":"3 minutes"},"schema":{"@context":"https:\/\/schema.org","@graph":[{"@type":"WebPage","@id":"https:\/\/fnchildclaims.ca\/fr\/news\/","url":"https:\/\/fnchildclaims.ca\/fr\/news\/","name":"Nouvelles | First Nations Child and Family Services and Jordan\u2019s Principle Settlement","isPartOf":{"@id":"https:\/\/fnchildclaims.ca\/#website"},"datePublished":"2022-08-11T14:42:07+00:00","dateModified":"2026-03-10T00:10:25+00:00","description":"Obtenez les derni\u00e8res informations et actualit\u00e9s sur le r\u00e8glement.","breadcrumb":{"@id":"https:\/\/fnchildclaims.ca\/fr\/news\/#breadcrumb"},"inLanguage":"fr-FR","potentialAction":[{"@type":"ReadAction","target":["https:\/\/fnchildclaims.ca\/fr\/news\/"]}]},{"@type":"BreadcrumbList","@id":"https:\/\/fnchildclaims.ca\/fr\/news\/#breadcrumb","itemListElement":[{"@type":"ListItem","position":1,"name":"Accueil","item":"https:\/\/fnchildclaims.ca\/fr\/"},{"@type":"ListItem","position":2,"name":"Nouvelles"}]},{"@type":"WebSite","@id":"https:\/\/fnchildclaims.ca\/#website","url":"https:\/\/fnchildclaims.ca\/","name":"First Nations Child and Family Services and Jordan\u2019s Principle Settlement","description":"","potentialAction":[{"@type":"SearchAction","target":{"@type":"EntryPoint","urlTemplate":"https:\/\/fnchildclaims.ca\/?s={search_term_string}"},"query-input":{"@type":"PropertyValueSpecification","valueRequired":true,"valueName":"search_term_string"}}],"inLanguage":"fr-FR"}]}},"_links":{"self":[{"href":"https:\/\/fnchildclaims.ca\/fr\/wp-json\/wp\/v2\/pages\/5023","targetHints":{"allow":["GET"]}}],"collection":[{"href":"https:\/\/fnchildclaims.ca\/fr\/wp-json\/wp\/v2\/pages"}],"about":[{"href":"https:\/\/fnchildclaims.ca\/fr\/wp-json\/wp\/v2\/types\/page"}],"author":[{"embeddable":true,"href":"https:\/\/fnchildclaims.ca\/fr\/wp-json\/wp\/v2\/users\/4"}],"replies":[{"embeddable":true,"href":"https:\/\/fnchildclaims.ca\/fr\/wp-json\/wp\/v2\/comments?post=5023"}],"version-history":[{"count":39,"href":"https:\/\/fnchildclaims.ca\/fr\/wp-json\/wp\/v2\/pages\/5023\/revisions"}],"predecessor-version":[{"id":24129,"href":"https:\/\/fnchildclaims.ca\/fr\/wp-json\/wp\/v2\/pages\/5023\/revisions\/24129"}],"wp:attachment":[{"href":"https:\/\/fnchildclaims.ca\/fr\/wp-json\/wp\/v2\/media?parent=5023"}],"wp:term":[{"taxonomy":"wf_page_folders","embeddable":true,"href":"https:\/\/fnchildclaims.ca\/fr\/wp-json\/wp\/v2\/wf_page_folders?post=5023"}],"curies":[{"name":"wp","href":"https:\/\/api.w.org\/{rel}","templated":true}]}}