{"version":"1.0","provider_name":"First Nations Child and Family Services and Jordan\u2019s Principle Settlement","provider_url":"https:\/\/fnchildclaims.ca\/fr\/","author_name":"bbatigne@argylepr.com","author_url":"https:\/\/fnchildclaims.ca\/fr\/author\/bbatigneargylepr-com\/","title":"Pi\u00e8ces Justificatives | R\u00e8glement relatif aux services \u00e0 l\u2019enfance et \u00e0 la famille des Premi\u00e8res Nations et au principe de Jordan","type":"rich","width":600,"height":338,"html":"<blockquote class=\"wp-embedded-content\" data-secret=\"62hT6DMOXC\"><a href=\"https:\/\/fnchildclaims.ca\/fr\/indemnisation\/if\/proteger\/\">Prot\u00e9gez votre indemnisation<\/a><\/blockquote><iframe sandbox=\"allow-scripts\" security=\"restricted\" src=\"https:\/\/fnchildclaims.ca\/fr\/indemnisation\/if\/proteger\/embed\/#?secret=62hT6DMOXC\" width=\"600\" height=\"338\" title=\"\u00ab\u00a0Prot\u00e9gez votre indemnisation\u00a0\u00bb &#8212; First Nations Child and Family Services and Jordan\u2019s Principle Settlement\" data-secret=\"62hT6DMOXC\" frameborder=\"0\" marginwidth=\"0\" marginheight=\"0\" scrolling=\"no\" class=\"wp-embedded-content\"><\/iframe><script type=\"text\/javascript\">\n\/* <![CDATA[ *\/\n\/*! This file is auto-generated *\/\n!function(d,l){\"use strict\";l.querySelector&&d.addEventListener&&\"undefined\"!=typeof URL&&(d.wp=d.wp||{},d.wp.receiveEmbedMessage||(d.wp.receiveEmbedMessage=function(e){var t=e.data;if((t||t.secret||t.message||t.value)&&!\/[^a-zA-Z0-9]\/.test(t.secret)){for(var s,r,n,a=l.querySelectorAll('iframe[data-secret=\"'+t.secret+'\"]'),o=l.querySelectorAll('blockquote[data-secret=\"'+t.secret+'\"]'),c=new RegExp(\"^https?:$\",\"i\"),i=0;i<o.length;i++)o[i].style.display=\"none\";for(i=0;i<a.length;i++)s=a[i],e.source===s.contentWindow&&(s.removeAttribute(\"style\"),\"height\"===t.message?(1e3<(r=parseInt(t.value,10))?r=1e3:~~r<200&&(r=200),s.height=r):\"link\"===t.message&&(r=new URL(s.getAttribute(\"src\")),n=new URL(t.value),c.test(n.protocol))&&n.host===r.host&&l.activeElement===s&&(d.top.location.href=t.value))}},d.addEventListener(\"message\",d.wp.receiveEmbedMessage,!1),l.addEventListener(\"DOMContentLoaded\",function(){for(var e,t,s=l.querySelectorAll(\"iframe.wp-embedded-content\"),r=0;r<s.length;r++)(t=(e=s[r]).getAttribute(\"data-secret\"))||(t=Math.random().toString(36).substring(2,12),e.src+=\"#?secret=\"+t,e.setAttribute(\"data-secret\",t)),e.contentWindow.postMessage({message:\"ready\",secret:t},\"*\")},!1)))}(window,document);\n\/\/# sourceURL=https:\/\/fnchildclaims.ca\/wp-includes\/js\/wp-embed.min.js\n\/* ]]> *\/\n<\/script>\n","description":"Pour en savoir plus sur l'admissibilit\u00e9 et la pr\u00e9sentation d'une demande d'indemnisation au titre du groupe des enfants retir\u00e9s de leur foyer et du groupe des familles des enfants retir\u00e9s de leur foyer."}